{"id":339,"date":"2018-04-25T11:22:09","date_gmt":"2018-04-25T09:22:09","guid":{"rendered":"http:\/\/arufog.org\/?page_id=339"},"modified":"2026-02-08T21:42:19","modified_gmt":"2026-02-08T20:42:19","slug":"presentation-test-2","status":"publish","type":"page","link":"https:\/\/arufog.org\/index.php\/presentation-test-2\/","title":{"rendered":"Pr\u00e9sentation."},"content":{"rendered":"<p>[et_pb_section fb_built=\u00a0\u00bb1&Prime; _builder_version=\u00a0\u00bb3.22&Prime;][et_pb_row use_custom_gutter=\u00a0\u00bbon\u00a0\u00bb _builder_version=\u00a0\u00bb3.26.4&Prime; background_size=\u00a0\u00bbinitial\u00a0\u00bb background_position=\u00a0\u00bbtop_left\u00a0\u00bb background_repeat=\u00a0\u00bbrepeat\u00a0\u00bb][et_pb_column type=\u00a0\u00bb4_4&Prime; _builder_version=\u00a0\u00bb3.25&Prime; custom_padding=\u00a0\u00bb|||\u00a0\u00bb custom_padding__hover=\u00a0\u00bb|||\u00a0\u00bb][et_pb_text _builder_version=\u00a0\u00bb3.26.4&Prime;]<\/p>\n<h3>PRESENTATION<\/h3>\n<p>[\/et_pb_text][\/et_pb_column][\/et_pb_row][\/et_pb_section][et_pb_section fb_built=\u00a0\u00bb1&Prime; _builder_version=\u00a0\u00bb3.22&Prime; custom_padding=\u00a0\u00bb0|0px|40px|0px\u00a0\u00bb][et_pb_row custom_padding=\u00a0\u00bb0|0px|27px|0px\u00a0\u00bb _builder_version=\u00a0\u00bb3.25&Prime; background_size=\u00a0\u00bbinitial\u00a0\u00bb background_position=\u00a0\u00bbtop_left\u00a0\u00bb background_repeat=\u00a0\u00bbrepeat\u00a0\u00bb][et_pb_column type=\u00a0\u00bb4_4&Prime; _builder_version=\u00a0\u00bb3.25&Prime; custom_padding=\u00a0\u00bb|||\u00a0\u00bb custom_padding__hover=\u00a0\u00bb|||\u00a0\u00bb][et_pb_text _builder_version=\u00a0\u00bb3.26.4&Prime;]<\/p>\n<h4><\/h4>\n<h4><span style=\"font-size: x-large;\"><strong>ARUFOG (Association for Research and Usages\u00a0 of Optical Fibers and Guided Optics)<\/strong><\/span><\/h4>\n<p style=\"font-weight: 400;\">L\u2019<strong>A<\/strong>ssociation pour la <strong>R<\/strong>echerche et les <strong>U<\/strong>sages des <strong>F<\/strong>ibres <strong>O<\/strong>ptiques et de l\u2019Optique <strong>G<\/strong>uid\u00e9e (ARUFOG) a \u00e9t\u00e9 cr\u00e9\u00e9e en 1986. Depuis sa fondation, elle concentre ses recherches sur la mani\u00e8re dont on peut utiliser la fibre optique quand elle est d\u00e9ploy\u00e9e dans des b\u00e2timents intelligents, dans des villes dites \u00ab\u00a0du futur\u00a0\u00bb, sur des territoires connect\u00e9s ou encore embarqu\u00e9e dans des syst\u00e8mes mobiles.<\/p>\n<p style=\"font-weight: 400;\">\n<p style=\"font-weight: 400;\">Car exploit\u00e9e en tant que capteur ou comme r\u00e9seau de capteurs, la fibre optique regorge d\u2019applications potentielles.<\/p>\n<p style=\"font-weight: 400;\">\n<p style=\"font-weight: 400;\">Voil\u00e0 pourquoi l\u2019ARUFOG joue \u00e0 la fois un r\u00f4le cl\u00e9 dans le domaine des\u00a0t\u00e9l\u00e9communications, de\u00a0l\u2019internet \u00e0 (tr\u00e8s) haut d\u00e9bit\u00a0et dans grand nombre d\u2019applications industrielles, qu\u2019elles soient m\u00e9dicales, agroalimentaires, civiles ou militaires.<\/p>\n<p style=\"font-weight: 400;\">\n<p style=\"font-weight: 400;\">Ces fibres optiques, exploit\u00e9es comme capteurs (sensing), int\u00e9ressent aussi les collectivit\u00e9s puisqu\u2019elles sont d\u2019utiles outils de d\u00e9tection, de surveillance et d\u2019aide \u00e0 la d\u00e9cision pour nos territoires\u00a0: en termes de consommation d\u2019\u00e9nergie, de gestion des flux ou de d\u00e9formation des structures notamment.<\/p>\n<p style=\"font-weight: 400;\">\n<p style=\"font-weight: 400;\">Agissant concomitamment comme plateforme technologique\u00a0et centre de transfert, l\u2019ARUFOG contribue ainsi \u00e0 l\u2019\u00e9laboration d\u2019une\u00a0<strong>strat\u00e9gie long terme<\/strong>\u00a0et pr\u00e9pare l\u2019avenir en mati\u00e8re d\u2019utilisation des fibres optiques. Elle peut compter en cela sur le soutien actif de ses <strong>membres et partenaires<\/strong>.<\/p>\n<p style=\"font-weight: 400;\">Elle s\u2019engage aussi par ses actions \u00e0\u00a0<strong>favoriser l\u2019innovation<\/strong>, \u00e0\u00a0<strong>accompagner le transfert industriel<\/strong>\u00a0et \u00e0\u00a0<strong>valoriser la recherche publique et priv\u00e9e<\/strong>\u00a0:<\/p>\n<ul style=\"font-weight: 400;\">\n<li>Organisation de\u00a0<strong>journ\u00e9es th\u00e9matiques<\/strong>\u00a0et\u00a0d\u2019<strong>ateliers de sensibilisation<\/strong><\/li>\n<li>Activit\u00e9s de\u00a0<strong>veille technologique<\/strong>\u00a0et de\u00a0<strong>formation sp\u00e9cialis\u00e9e<\/strong><\/li>\n<li><strong>Conseil et information<\/strong>\u00a0aupr\u00e8s des acteurs du secteur<\/li>\n<li><strong>Promotion et repr\u00e9sentation<\/strong>\u00a0du domaine des fibres optiques<\/li>\n<li><strong>Mise en relation<\/strong>\u00a0entre le monde acad\u00e9mique et industriel<\/li>\n<\/ul>\n<p style=\"font-weight: 400;\">C\u2019est notamment pour cette raison qu\u2019en 2008, \u00e0 l\u2019initiative de M. Andr\u00e9 Champav\u00e8re, alors pr\u00e9sident de l\u2019ARUFOG, a \u00e9t\u00e9 initi\u00e9 le <strong>symposium GO2S\u00ae\ufe0f,<\/strong> un \u00e9v\u00e9nement international qui a lieu tous les deux ans, et f\u00e9d\u00e8re chaque ann\u00e9e de plus en plus de participants, exposants et speakers experts, fran\u00e7ais et \u00e9trangers.<\/p>\n<p style=\"font-weight: 400;\">Pour toute question ou prise de contact aupr\u00e8s de l\u2019ARUFOG, nous vous invitons \u00e0 nous contacter par mail\u00a0: <a href=\"mailto:contact@arufog.fr\">contact@arufog.fr<\/a> ou par t\u00e9l\u00e9phone au\u00a0: +33 (0)6 48 85 66 29<\/p>\n<p>.<\/p>\n<p>[\/et_pb_text][\/et_pb_column][\/et_pb_row][\/et_pb_section][et_pb_section fb_built=\u00a0\u00bb1&Prime; _builder_version=\u00a0\u00bb3.22&Prime;][et_pb_row custom_padding=\u00a0\u00bb27px|0px|27px|0&Prime; _builder_version=\u00a0\u00bb3.25&Prime; background_size=\u00a0\u00bbinitial\u00a0\u00bb background_position=\u00a0\u00bbtop_left\u00a0\u00bb background_repeat=\u00a0\u00bbrepeat\u00a0\u00bb][et_pb_column type=\u00a0\u00bb4_4&Prime; _builder_version=\u00a0\u00bb3.25&Prime; custom_padding=\u00a0\u00bb|||\u00a0\u00bb custom_padding__hover=\u00a0\u00bb|||\u00a0\u00bb][et_pb_text _builder_version=\u00a0\u00bb3.26.4&Prime;]<\/p>\n<h2><strong><span style=\"color: #333399;\">Membres du conseil d&rsquo;administration :\u00a0<\/span><\/strong><\/h2>\n<p>[\/et_pb_text][et_pb_team_member name=\u00a0\u00bbPr\u00e9sident\u00a0\u00bb _builder_version=\u00a0\u00bb3.26.4&Prime; header_font=\u00a0\u00bb|700|||||||\u00a0\u00bb body_line_height=\u00a0\u00bb1em\u00a0\u00bb max_width=\u00a0\u00bb50%\u00a0\u00bb]<\/p>\n<p><a href=\"http:\/\/www.axians.fr\">Fran\u00e7ois-Antoine LERICHE<\/a> (VINCI Energies)<\/p>\n<p>[\/et_pb_team_member][et_pb_team_member name=\u00a0\u00bbPr\u00e9sidents Honoraires\u00a0\u00bb _builder_version=\u00a0\u00bb3.26.4&Prime; header_font=\u00a0\u00bb|700|||||||\u00a0\u00bb custom_padding=\u00a0\u00bb||0px|||\u00a0\u00bb]<\/p>\n<p><a href=\"https:\/\/www.guidoptix.com\/\">Andr\u00e9 CHAMPAVERE<\/a> ( <a href=\"www.guidoptix.com\">GuidOptiX<\/a> ,\u00a0 R&amp;D Consultant)<\/p>\n<p><a href=\"http:\/\/www.ifotec.com\/\">Gilles BILLET<\/a> (IFOTEC)<\/p>\n<p>[\/et_pb_team_member][et_pb_team_member name=\u00a0\u00bbVice-pr\u00e9sidents\u00a0\u00bb _builder_version=\u00a0\u00bb3.1.1&Prime; header_font=\u00a0\u00bb|700|||||||\u00a0\u00bb custom_padding=\u00a0\u00bb||7px|||\u00a0\u00bb]<\/p>\n<p>Emmanuel MARIN (Laboratoire Hubert Curien)<\/p>\n<p>[\/et_pb_team_member][et_pb_team_member name=\u00a0\u00bbTr\u00e9sorier\u00a0\u00bb _builder_version=\u00a0\u00bb3.26.4&Prime; header_font=\u00a0\u00bb|700|||||||\u00a0\u00bb custom_padding=\u00a0\u00bb||5px|||\u00a0\u00bb link_option_url=\u00a0\u00bbhttps:\/\/www.elypsis-fibre-optique.fr\u00a0\u00bb]<\/p>\n<p>Christopher Bonnaud (Elypsis)<\/p>\n<p>[\/et_pb_team_member][et_pb_team_member name=\u00a0\u00bbSecr\u00e9taire\u00a0\u00bb linkedin_url=\u00a0\u00bbhttps:\/\/www.linkedin.com\/in\/victor-licchesi-6697a720?miniProfileUrn=urn%3Ali%3Afs_miniProfile%3AACoAAARjcPEBSqzMmUjEil0uvgENqYi9bnbWR8Q&#038;lipi=urn%3Ali%3Apage%3Ad_flagship3_search_srp_all%3B%2BaHeE%2BjCRsu62Z0ljQmo9g%3D%3D\u00a0\u00bb _builder_version=\u00a0\u00bb3.26.4&Prime; header_font=\u00a0\u00bb|700|||||||\u00a0\u00bb custom_margin=\u00a0\u00bb||30px|||\u00a0\u00bb custom_padding=\u00a0\u00bb||9px|||\u00a0\u00bb link_option_url=\u00a0\u00bbwww.radiall.com\u00a0\u00bb]<\/p>\n<p>VIctor LICCHESI (RADIALL)<\/p>\n<p>[\/et_pb_team_member][et_pb_team_member name=\u00a0\u00bbMembres\u00a0\u00bb _builder_version=\u00a0\u00bb3.26.4&Prime; header_font=\u00a0\u00bb|700|||||||\u00a0\u00bb custom_padding=\u00a0\u00bb||9px|||\u00a0\u00bb]<\/p>\n<p>Denis GENON-CATALOT ( <a href=\"https:\/\/www.iut-valence.fr\">IUT Valence UPFM<\/a>)<\/p>\n<p>Jean-Claude DAROCHA ( <a href=\"https:\/\/www.happyindustrie.fr\/\">Happy Industrie<\/a>)<\/p>\n<p>Denis GENON-CATALOT (<a href=\"https:\/\/www.happyindustrie.fr\/\">LCIS<\/a>)<\/p>\n<p>Vincent LECOEUCHE ( <a href=\"www.viavisolutions.com\">VIAVI Solutions SAS<\/a>)<\/p>\n<p>Jean-Philippe Barety (<a href=\"https:\/\/www.societe.com\/manager\/Jean-Philippe.BARETTY.5p8_Y999J1W.html\">AIPHIBER<\/a>)<\/p>\n<p>[\/et_pb_team_member][\/et_pb_column][\/et_pb_row][\/et_pb_section]<\/p>\n","protected":false},"excerpt":{"rendered":"<p>[et_pb_section fb_built=\u00a0\u00bb1&Prime; _builder_version=\u00a0\u00bb3.22&Prime;][et_pb_row use_custom_gutter=\u00a0\u00bbon\u00a0\u00bb _builder_version=\u00a0\u00bb3.26.4&Prime; background_size=\u00a0\u00bbinitial\u00a0\u00bb background_position=\u00a0\u00bbtop_left\u00a0\u00bb background_repeat=\u00a0\u00bbrepeat\u00a0\u00bb][et_pb_column type=\u00a0\u00bb4_4&Prime; _builder_version=\u00a0\u00bb3.25&Prime; custom_padding=\u00a0\u00bb|||\u00a0\u00bb custom_padding__hover=\u00a0\u00bb|||\u00a0\u00bb][et_pb_text _builder_version=\u00a0\u00bb3.26.4&Prime;] PRESENTATION [\/et_pb_text][\/et_pb_column][\/et_pb_row][\/et_pb_section][et_pb_section fb_built=\u00a0\u00bb1&Prime; _builder_version=\u00a0\u00bb3.22&Prime; custom_padding=\u00a0\u00bb0|0px|40px|0px\u00a0\u00bb][et_pb_row custom_padding=\u00a0\u00bb0|0px|27px|0px\u00a0\u00bb _builder_version=\u00a0\u00bb3.25&Prime; background_size=\u00a0\u00bbinitial\u00a0\u00bb background_position=\u00a0\u00bbtop_left\u00a0\u00bb background_repeat=\u00a0\u00bbrepeat\u00a0\u00bb][et_pb_column type=\u00a0\u00bb4_4&Prime; _builder_version=\u00a0\u00bb3.25&Prime; custom_padding=\u00a0\u00bb|||\u00a0\u00bb custom_padding__hover=\u00a0\u00bb|||\u00a0\u00bb][et_pb_text _builder_version=\u00a0\u00bb3.26.4&Prime;] ARUFOG (Association for Research and Usages\u00a0 of Optical Fibers and Guided Optics) L\u2019Association pour la Recherche et les Usages des Fibres Optiques et de l\u2019Optique Guid\u00e9e (ARUFOG) [&hellip;]<\/p>\n","protected":false},"author":1,"featured_media":0,"parent":0,"menu_order":0,"comment_status":"closed","ping_status":"closed","template":"","meta":{"_et_pb_use_builder":"on","_et_pb_old_content":"","footnotes":""},"class_list":["post-339","page","type-page","status-publish","hentry"],"_links":{"self":[{"href":"https:\/\/arufog.org\/index.php\/wp-json\/wp\/v2\/pages\/339","targetHints":{"allow":["GET"]}}],"collection":[{"href":"https:\/\/arufog.org\/index.php\/wp-json\/wp\/v2\/pages"}],"about":[{"href":"https:\/\/arufog.org\/index.php\/wp-json\/wp\/v2\/types\/page"}],"author":[{"embeddable":true,"href":"https:\/\/arufog.org\/index.php\/wp-json\/wp\/v2\/users\/1"}],"replies":[{"embeddable":true,"href":"https:\/\/arufog.org\/index.php\/wp-json\/wp\/v2\/comments?post=339"}],"version-history":[{"count":49,"href":"https:\/\/arufog.org\/index.php\/wp-json\/wp\/v2\/pages\/339\/revisions"}],"predecessor-version":[{"id":2643,"href":"https:\/\/arufog.org\/index.php\/wp-json\/wp\/v2\/pages\/339\/revisions\/2643"}],"wp:attachment":[{"href":"https:\/\/arufog.org\/index.php\/wp-json\/wp\/v2\/media?parent=339"}],"curies":[{"name":"wp","href":"https:\/\/api.w.org\/{rel}","templated":true}]}}